{"id":9533,"date":"2025-11-17T14:13:13","date_gmt":"2025-11-17T19:13:13","guid":{"rendered":"https:\/\/indicatic.org.pa\/?post_type=proyecto&#038;p=9533"},"modified":"2026-03-09T18:28:30","modified_gmt":"2026-03-09T23:28:30","slug":"premiere-station-de-mesure-de-la-pollution-lumineuse-au-panama","status":"publish","type":"proyecto","link":"https:\/\/indicatic.org.pa\/fr\/proyecto\/primera-estacion-de-contaminacion-luminica-en-panama\/","title":{"rendered":"Premi\u00e8re station de mesure de la pollution lumineuse au Panama"},"content":{"rendered":"\t\t<div data-elementor-type=\"wp-post\" data-elementor-id=\"9533\" class=\"elementor elementor-9533\">\n\t\t\t\t<div class=\"elementor-element elementor-element-827cacc e-con-full e-flex e-con e-parent\" data-id=\"827cacc\" data-element_type=\"container\" data-e-type=\"container\">\n\t\t\t\t<div class=\"elementor-element elementor-element-b8a42db elementor-widget__width-inherit elementor-widget elementor-widget-eael-adv-tabs\" data-id=\"b8a42db\" data-element_type=\"widget\" data-e-type=\"widget\" data-widget_type=\"eael-adv-tabs.default\">\n\t\t\t\t\t        <div data-scroll-on-click=\"yes\" data-scroll-speed=\"300\" id=\"eael-advance-tabs-b8a42db\" class=\"eael-advance-tabs eael-tabs-vertical eael-tab-auto-active eael-tab-toggle active-caret-on\" data-tabid=\"b8a42db\">\n            <div class=\"eael-tabs-nav \">\n                <ul class=\"\" role=\"tablist\">\n                                            <li id=\"resumen\" class=\"inactive eael-tab-item-trigger eael-tab-nav-item\" aria-selected=\"true\" data-tab=\"1\" role=\"tab\" tabindex=\"0\" aria-controls=\"resumen-tab\" aria-expanded=\"false\">\n                            \n                            \n                            \n                                                            <h5 class=\"eael-tab-title title-after-icon\" >Resumen<\/h5>                                                    <\/li>\n                                            <li id=\"publicaciones\" class=\"inactive eael-tab-item-trigger eael-tab-nav-item\" aria-selected=\"false\" data-tab=\"2\" role=\"tab\" tabindex=\"-1\" aria-controls=\"publicaciones-tab\" aria-expanded=\"false\">\n                            \n                            \n                            \n                                                            <h5 class=\"eael-tab-title title-after-icon\" >Publicaciones<\/h5>                                                    <\/li>\n                                            <li id=\"duracin\" class=\"inactive eael-tab-item-trigger eael-tab-nav-item\" aria-selected=\"false\" data-tab=\"3\" role=\"tab\" tabindex=\"-1\" aria-controls=\"duracin-tab\" aria-expanded=\"false\">\n                            \n                            \n                            \n                                                            <span class=\"eael-tab-title title-after-icon\" >Duraci\u00f3n<\/span>                                                    <\/li>\n                                            <li id=\"financiamiento\" class=\"inactive eael-tab-item-trigger eael-tab-nav-item\" aria-selected=\"false\" data-tab=\"4\" role=\"tab\" tabindex=\"-1\" aria-controls=\"financiamiento-tab\" aria-expanded=\"false\">\n                            \n                            \n                            \n                                                            <span class=\"eael-tab-title title-after-icon\" >Financiamiento<\/span>                                                    <\/li>\n                                            <li id=\"conferencias\" class=\"inactive eael-tab-item-trigger eael-tab-nav-item\" aria-selected=\"false\" data-tab=\"5\" role=\"tab\" tabindex=\"-1\" aria-controls=\"conferencias-tab\" aria-expanded=\"false\">\n                            \n                            \n                            \n                                                            <span class=\"eael-tab-title title-after-icon\" >Conferencias<\/span>                                                    <\/li>\n                                            <li id=\"campaas-pblicas\" class=\"inactive eael-tab-item-trigger eael-tab-nav-item\" aria-selected=\"false\" data-tab=\"6\" role=\"tab\" tabindex=\"-1\" aria-controls=\"campaas-pblicas-tab\" aria-expanded=\"false\">\n                            \n                            \n                            \n                                                            <span class=\"eael-tab-title title-after-icon\" >Campa\u00f1as p\u00fablicas<\/span>                                                    <\/li>\n                                            <li id=\"polticas-pblicas\" class=\"inactive eael-tab-item-trigger eael-tab-nav-item\" aria-selected=\"false\" data-tab=\"7\" role=\"tab\" tabindex=\"-1\" aria-controls=\"polticas-pblicas-tab\" aria-expanded=\"false\">\n                            \n                            \n                            \n                                                            <span class=\"eael-tab-title title-after-icon\" >Pol\u00edticas p\u00fablicas<\/span>                                                    <\/li>\n                                            <li id=\"instrumentacin\" class=\"inactive eael-tab-item-trigger eael-tab-nav-item\" aria-selected=\"false\" data-tab=\"8\" role=\"tab\" tabindex=\"-1\" aria-controls=\"instrumentacin-tab\" aria-expanded=\"false\">\n                            \n                            \n                            \n                                                            <span class=\"eael-tab-title title-after-icon\" >Instrumentaci\u00f3n<\/span>                                                    <\/li>\n                                            <li id=\"impresiones-3d-y-pcb\" class=\"inactive eael-tab-item-trigger eael-tab-nav-item\" aria-selected=\"false\" data-tab=\"9\" role=\"tab\" tabindex=\"-1\" aria-controls=\"impresiones-3d-y-pcb-tab\" aria-expanded=\"false\">\n                            \n                            \n                            \n                                                            <span class=\"eael-tab-title title-after-icon\" >Impresiones 3D y PCB<\/span>                                                    <\/li>\n                                            <li id=\"github\" class=\"active-default eael-tab-item-trigger eael-tab-nav-item\" aria-selected=\"false\" data-tab=\"10\" role=\"tab\" tabindex=\"-1\" aria-controls=\"github-tab\" aria-expanded=\"false\">\n                            \n                            \n                            \n                                                            <span class=\"eael-tab-title title-after-icon\" >GitHub<\/span>                                                    <\/li>\n                                            <li id=\"equipo\" class=\"inactive eael-tab-item-trigger eael-tab-nav-item\" aria-selected=\"false\" data-tab=\"11\" role=\"tab\" tabindex=\"-1\" aria-controls=\"equipo-tab\" aria-expanded=\"false\">\n                            \n                            \n                            \n                                                            <span class=\"eael-tab-title title-after-icon\" >Equipo<\/span>                                                    <\/li>\n                                            <li id=\"contacto\" class=\"inactive eael-tab-item-trigger eael-tab-nav-item\" aria-selected=\"false\" data-tab=\"12\" role=\"tab\" tabindex=\"-1\" aria-controls=\"contacto-tab\" aria-expanded=\"false\">\n                            \n                            \n                            \n                                                            <span class=\"eael-tab-title title-after-icon\" >Contacto<\/span>                                                    <\/li>\n                    \n                                  <\/ul>\n            <\/div>\n            \n            <div class=\"eael-tabs-content\">\n\t\t        \n                    <div id=\"resumen-tab\" class=\"clearfix eael-tab-content-item inactive\" data-title-link=\"resumen-tab\">\n\t\t\t\t        <p style=\"text-align: justify\">El proyecto desarrolla la primera red de monitoreo de contaminaci\u00f3n lum\u00ednica y condiciones atmosf\u00e9ricas a lo largo de la cuenca hidrogr\u00e1fica del Canal de Panam\u00e1. Su objetivo central es caracterizar c\u00f3mo la luz artificial nocturna se dispersa y amplifica en la atm\u00f3sfera tropical, y c\u00f3mo estos cambios en la iluminaci\u00f3n nocturna pueden influir, seg\u00fan evidencia cient\u00edfica previa, en procesos ecol\u00f3gicos (actividad de polinizadores nocturnos y fisiolog\u00eda vegetal nocturna) y en el balance del ciclo del agua (intercambio de carbono y transpiraci\u00f3n). Por tanto, a mediano y largo plazo, en consideraciones operacionales vinculadas a la gesti\u00f3n ambiental de la cuenca.<\/p><p style=\"text-align: justify\">La iniciativa combina instrumentaci\u00f3n terrestre de alta precisi\u00f3n (fot\u00f3metros multicanal, espectr\u00f3metros, c\u00e1maras all-sky, sensores atmosf\u00e9ricos) con datos de teledetecci\u00f3n provenientes de la Estaci\u00f3n Espacial Internacional (ISS) y otras campa\u00f1as satelitales. El proyecto integra an\u00e1lisis fotom\u00e9tricos, espectrales y atmosf\u00e9ricos para generar una comprensi\u00f3n f\u00edsica de la iluminaci\u00f3n nocturna en entornos tropicales, un campo donde existe escasez de datos y metodolog\u00edas.<\/p><p style=\"text-align: justify\">Alcance:<br \/>\u2013 Tres sub-estaciones de monitoreo en el Atl\u00e1ntico, centro del Canal y Pac\u00edfico.<br \/>\u2013 Desarrollo de domos astron\u00f3micos tropicalizados, electr\u00f3nica y control computacional hechos en Panam\u00e1.<br \/>\u2013 Modelaci\u00f3n de brillo, color y dispersi\u00f3n de la luz nocturna, junto con perfiles de aerosoles y variables atmosf\u00e9ricas.<br \/>\u2013 Integraci\u00f3n con im\u00e1genes ISS.<\/p><p style=\"text-align: justify\">Valor del proyecto: generar conocimiento cient\u00edfico s\u00f3lido que permita establecer regulaciones modernas de iluminaci\u00f3n, reducir impactos ambientales y aportar a la gesti\u00f3n sostenible de la cuenca del Canal (ruta verde 2050).<\/p><p style=\"text-align: justify\">RESULTADOS PRELIMINARES<br \/>\u2013 Producci\u00f3n de los primeros datos sistem\u00e1ticos de brillo y color del cielo nocturno en Panam\u00e1, con acceso libre internacional a trav\u00e9s de la plataforma TESS-4C:<\/p><p style=\"text-align: justify\"><a href=\"https:\/\/tess.dashboards.stars4all.eu\/d\/0gUheXrnk\/tess-4c?orgId=1&amp;var-TessMC=stars1315&amp;from=now-6M&amp;to=now\">https:\/\/tess.dashboards.stars4all.eu\/d\/0gUheXrnk\/tess-4c?orgId=1&amp;var-TessMC=stars1315&amp;from=now-6M&amp;to=now<\/a><\/p><p style=\"text-align: justify\">\u2013 Implementaci\u00f3n de las primeras medidas internas de gesti\u00f3n lum\u00ednica nocturna en el edificio de investigaci\u00f3n de la Universidad Tecnol\u00f3gica de Panam\u00e1, basadas en criterios fotom\u00e9tricos y evidencia cient\u00edfica. Este avance representa un paso inicial hacia la futura adopci\u00f3n de buenas pr\u00e1cticas y lineamientos de iluminaci\u00f3n nocturna a nivel institucional y, potencialmente, nacional.<\/p><p style=\"text-align: justify\">Impacto esperado:<br \/>\u2013 Evaluar efectos de la iluminaci\u00f3n artificial sobre polinizadores nocturnos y ecosistemas dependientes en la cuenca hidrogr\u00e1fica del canal de Panam\u00e1.<br \/>\u2013 Definir una l\u00ednea base cient\u00edfica para futuras regulaciones de iluminaci\u00f3n en Panam\u00e1.<br \/>\u2013 Mejorar la eficiencia energ\u00e9tica y la calidad ambiental en zonas cr\u00edticas de la cuenca.<br \/>\u2013 Fortalecer capacidades nacionales en instrumentaci\u00f3n, an\u00e1lisis de datos y teledetecci\u00f3n.<\/p><h4 style=\"text-align: justify\"><strong>Ubicaci\u00f3n geogr\u00e1fica:<\/strong><\/h4><div class=\"--bj-723 \"><div class=\"-Cw-754 \"><div class=\"-NG-549 \" style=\"text-align: justify\"><div class=\"--lH-588\"><div class=\"-EH-760\"><a href=\"https:\/\/indicatic.org.pa\/panama_locate_milkyway_location\/\" rel=\"attachment wp-att-9865\"><img fetchpriority=\"high\" decoding=\"async\" class=\"aligncenter wp-image-9865 size-large\" title=\"Panama_Locate_Milkyway_Location\" src=\"https:\/\/indicatic.org.pa\/wp-content\/uploads\/2026\/02\/Panama_Locate_Milkyway_Location-1024x820.jpg\" alt=\"Panama Locate Milkyway Location\" width=\"1024\" height=\"820\" srcset=\"https:\/\/indicatic.org.pa\/wp-content\/uploads\/2026\/02\/Panama_Locate_Milkyway_Location-1024x820.jpg 1024w, https:\/\/indicatic.org.pa\/wp-content\/uploads\/2026\/02\/Panama_Locate_Milkyway_Location-600x481.jpg 600w, https:\/\/indicatic.org.pa\/wp-content\/uploads\/2026\/02\/Panama_Locate_Milkyway_Location-768x615.jpg 768w, https:\/\/indicatic.org.pa\/wp-content\/uploads\/2026\/02\/Panama_Locate_Milkyway_Location-1536x1231.jpg 1536w, https:\/\/indicatic.org.pa\/wp-content\/uploads\/2026\/02\/Panama_Locate_Milkyway_Location-2048x1641.jpg 2048w, https:\/\/indicatic.org.pa\/wp-content\/uploads\/2026\/02\/Panama_Locate_Milkyway_Location-15x12.jpg 15w, https:\/\/indicatic.org.pa\/wp-content\/uploads\/2026\/02\/Panama_Locate_Milkyway_Location-700x561.jpg 700w\" sizes=\"(max-width: 1024px) 100vw, 1024px\" \/><\/a><\/div><div>\u00a0<\/div><div class=\"-EH-760\">En el recorrido del canal de Panam\u00e1: 1) Entrada Caribe, 2) punto intermedio (Gamboa) y 3) Pac\u00edfico.<\/div><div>\u00a0<\/div><\/div><\/div><div class=\"-NG-549 \" style=\"text-align: justify\"><h4><span>Colaboraciones<\/span><\/h4><p><span>Instituto Smithsonian, Universidad tecnol\u00f3gica de Panam\u00e1 e Alcald\u00eda de Panam\u00e1.<\/span><\/p><h4>Publicaciones en Revistas Cient\u00edficas y similares<\/h4><p><strong><a href=\"https:\/\/scholar.google.com\/citations?user=gMVzlIUAAAAJ&amp;hl=en\" target=\"_blank\" rel=\"noopener\">Ver Google Scholar de Jos\u00e9 Robles Rodr\u00edguez aqu\u00ed<\/a><\/strong><\/p><p>Robles, J., Zamorano, J., Pascual, S., S\u00e1nchez de Miguel, A., Gallego, J., &amp; Gaston, K. J. (2021). <b>Evolution of Brightness and Color of the Night Sky in Madrid<\/b>. <i>Remote Sensing<\/i>, <i>13<\/i>(8), 1511. <a class=\"ng-star-inserted\" href=\"https:\/\/www.google.com\/search?q=https:\/\/doi.org\/%2410.3390\/rs13081511%24\" target=\"_blank\" rel=\"noopener\">https:\/\/doi.org\/<span class=\"math-inline\">$10.3390\/rs13081511$<\/span><\/a><\/p><p><strong style=\"font-size: 1rem\"><a id=\"OWA1d684619-0fd2-2a73-4959-2fd86e5d3922\" title=\"https:\/\/www.mdpi.com\/2072-4292\/13\/8\/1511\" href=\"https:\/\/www.mdpi.com\/2072-4292\/13\/8\/1511\" target=\"_blank\" rel=\"noopener noreferrer\">Ver aqu\u00ed<\/a><\/strong><\/p><\/div><\/div><\/div><div>\u00a0<\/div><div>International Dark-Sky Association Pittsburgh Chapter. (2021). <b>Blue skies over Madrid, but not during the day<\/b>.\u00a0<\/div><div><strong> <a class=\"ng-star-inserted\" href=\"https:\/\/www.idapgh.org\/blue-skies-over-madrid\" target=\"_blank\" rel=\"noopener\">Ver aqu\u00ed<\/a><\/strong><\/div><div>\u00a0<\/div><p>Robles Rodr\u00edguez, J. L. (2022). <b>The Evolution of light pollution using measurements of night sky brightness and color in Madrid<\/b> [Tesis doctoral, Universidad Complutense de Madrid]. Docta.\u00a0<\/p><p><strong><a class=\"ng-star-inserted\" href=\"https:\/\/docta.ucm.es\/entities\/publication\/a0173d31-2f92-406f-8625-bce52621b7f7\" target=\"_blank\" rel=\"noopener\">Ver aqu\u00ed<\/a><\/strong><\/p><h4>Trabajos de tesis hechos durante el proyecto:<\/h4><p><strong>T\u00edtulo:<\/strong> Interop\u00e9rabilit\u00e9, cryptographie et<br \/>t\u00e9l\u00e9communication de la premi\u00e8re station de<br \/>surveillance de la pollution lumineuse au panama<\/p><p><strong>Autor:<\/strong> Alexandre Olivi\u00e9<\/p><p><strong>Universidad:<\/strong> \u00c9cole Nationale Sup\u00e9rieure d&#8217;\u00c9lectronique, Informatique, T\u00e9l\u00e9communications, Math\u00e9matique et M\u00e9canique de Bordeaux<\/p><p>ENSEIRB-MATMECA\u00a0de Bordeaux INP (Institut National Polytechnique Bordeaux).<\/p><p><strong>Centro de estudios:<\/strong> Telecommunication &#8211; option r\u00e9seaux, s\u00e9curit\u00e9 et objet connect\u00e9<\/p><p><a href=\"https:\/\/indicatic.org.pa\/pfe_rapport-1\/\" rel=\"attachment wp-att-9650\">Descargar Tesis aqu\u00ed<\/a><\/p><p><strong>T\u00edtulo:<\/strong> Automatizaci\u00f3n para la Descarga de Im\u00e1genes Satelitales Nocturnas para el Monitoreo de la Contaminaci\u00f3n Lum\u00ednica en la Cuenca del Canal de Panam\u00e1.<\/p><p><strong>Autor:<\/strong> Jos\u00e9 De Los Santos Ja\u00e9n Ja\u00e9n.<\/p><p><strong>Centro de estudios:<\/strong> Universidad Tecnol\u00f3gica de Panam\u00e1 (UTP)<\/p><p><strong>Carrera: <\/strong>Licenciatura en Desarrollo de Software<\/p><p><a href=\"https:\/\/indicatic.org.pa\/tesis-2-1\/\" rel=\"attachment wp-att-9651\">Descargar Tesis aqu\u00ed<\/a><\/p><div><strong style=\"font-size: 1.5rem;text-align: justify\">Equipo de trabajo<\/strong><\/div><div>\u00a0<\/div><div><blockquote><p>Mi nombre es Jos\u00e9 Robles y soy el director del proyecto de la primera estaci\u00f3n de contaminaci\u00f3n lum\u00ednica en la Rep\u00fablica de Panam\u00e1. Estudiamos el brillo y el color del cielo nocturno a lo largo de la cuenca del Canal de Panam\u00e1 mediante mediciones fotom\u00e9tricas y espectrom\u00e9tricas de alta precisi\u00f3n.<\/p><p>Trabajamos con instrumentaci\u00f3n profesional: c\u00e1maras astron\u00f3micas en bandas Johnson U, B, V, R e I, fot\u00f3metros de cuatro canales, espectr\u00f3metros y sistemas propios de adquisici\u00f3n. Dise\u00f1amos y construimos nuestro propio hardware, incluyendo mini-domos para climas tropicales y circuiter\u00eda electr\u00f3nica hecha en Panam\u00e1.<\/p><p>Nuestro objetivo es entender c\u00f3mo la luz artificial nocturna, medida en m\u00faltiples longitudes de onda, altera la actividad de polinizadores nocturnos, afecta el crecimiento del bosque y la respiraci\u00f3n vegetal, y eventualmente modifica el ciclo del agua en la cuenca del Canal; es investigaci\u00f3n preventiva basada en evidencia cuantitativa.<\/p><figure id=\"attachment_9594\" aria-describedby=\"caption-attachment-9594\" style=\"width: 150px\" class=\"wp-caption aligncenter\"><a style=\"font-weight: bold;font-size: 0.8125rem\" href=\"https:\/\/indicatic.org.pa\/foto-2\/\" rel=\"attachment wp-att-9594\"><img decoding=\"async\" class=\"wp-image-9594 size-thumbnail\" src=\"https:\/\/indicatic.org.pa\/wp-content\/uploads\/2025\/11\/Foto-150x150.jpg\" alt=\"Foto\" width=\"150\" height=\"150\" srcset=\"https:\/\/indicatic.org.pa\/wp-content\/uploads\/2025\/11\/Foto-150x150.jpg 150w, https:\/\/indicatic.org.pa\/wp-content\/uploads\/2025\/11\/Foto-100x100.jpg 100w\" sizes=\"(max-width: 150px) 100vw, 150px\" \/><\/a><figcaption id=\"caption-attachment-9594\" class=\"wp-caption-text\">Dr. Jos\u00e9 Robles, investigador principal del proyecto en INDICATIC AIP<\/figcaption><\/figure><\/blockquote><\/div><div class=\"--bj-723 \"><blockquote><p>Mi nombre es Kevin Chaw, soy ingeniero electr\u00f3nico y gestor de laboratorio del proyecto de contaminaci\u00f3n lum\u00ednica en Panam\u00e1. Coordino el uso de instrumentos de monitoreo, la recopilaci\u00f3n y el procesamiento de datos geoespaciales, as\u00ed como el desarrollo de modelos que eval\u00faan el impacto ambiental y social de la contaminaci\u00f3n lum\u00ednica.<\/p><figure id=\"attachment_9610\" aria-describedby=\"caption-attachment-9610\" style=\"width: 150px\" class=\"wp-caption aligncenter\"><a href=\"https:\/\/indicatic.org.pa\/diseno-sin-titulo-33-2\/\" rel=\"attachment wp-att-9610\"><img decoding=\"async\" class=\"wp-image-9610 size-thumbnail\" src=\"https:\/\/indicatic.org.pa\/wp-content\/uploads\/2025\/11\/Diseno-sin-titulo-33-150x150.png\" alt=\"\" width=\"150\" height=\"150\" srcset=\"https:\/\/indicatic.org.pa\/wp-content\/uploads\/2025\/11\/Diseno-sin-titulo-33-150x150.png 150w, https:\/\/indicatic.org.pa\/wp-content\/uploads\/2025\/11\/Diseno-sin-titulo-33-12x12.png 12w, https:\/\/indicatic.org.pa\/wp-content\/uploads\/2025\/11\/Diseno-sin-titulo-33-100x100.png 100w, https:\/\/indicatic.org.pa\/wp-content\/uploads\/2025\/11\/Diseno-sin-titulo-33.png 600w\" sizes=\"(max-width: 150px) 100vw, 150px\" \/><\/a><figcaption id=\"caption-attachment-9610\" class=\"wp-caption-text\">Kevin Chaw, Lab Manager de INDICATIC AIP<\/figcaption><\/figure><\/blockquote><div class=\"-Cw-754 \"><div class=\"-NG-549 \" style=\"text-align: justify\"><div><blockquote><p>Mi nombre es Katherine G\u00e1lvez L., soy Ingeniera El\u00e9ctrica Electr\u00f3nica y Asistente T\u00e9cnico de INDICATIC AIP. Dentro del Proyecto de Contaminaci\u00f3n Lum\u00ednica, he colaborado en el dise\u00f1o e impresi\u00f3n de modelos 3D y tarjetas de circuitos electr\u00f3nicos. Esta experiencia me ha permitido crecer en el campo cient\u00edfico, espec\u00edficamente, en aplicaciones electr\u00f3nicas para fines astron\u00f3micos y de monitoreo ambiental. Adem\u00e1s, estar m\u00e1s cerca de equipos de alta tecnolog\u00eda utilizados para el an\u00e1lisis espectral y la captaci\u00f3n de astrofotograf\u00eda de cielo profundo, me ha motivado a continuar construyendo un perfil profesional y acad\u00e9mico m\u00e1s robusto.\u00a0\u00a0<\/p><figure id=\"attachment_9599\" aria-describedby=\"caption-attachment-9599\" style=\"width: 150px\" class=\"wp-caption aligncenter\"><a href=\"https:\/\/indicatic.org.pa\/img_6173\/\" rel=\"attachment wp-att-9599\"><img loading=\"lazy\" decoding=\"async\" class=\"size-thumbnail wp-image-9599\" title=\"\" src=\"https:\/\/indicatic.org.pa\/wp-content\/uploads\/2025\/11\/IMG_6173-150x150.jpg\" alt=\"\" width=\"150\" height=\"150\" srcset=\"https:\/\/indicatic.org.pa\/wp-content\/uploads\/2025\/11\/IMG_6173-150x150.jpg 150w, https:\/\/indicatic.org.pa\/wp-content\/uploads\/2025\/11\/IMG_6173-100x100.jpg 100w\" sizes=\"(max-width: 150px) 100vw, 150px\" \/><\/a><figcaption id=\"caption-attachment-9599\" class=\"wp-caption-text\">Katherine G\u00e1lvez, Asistente T\u00e9cnico de Ingenier\u00eda en INDICATIC AIP<\/figcaption><\/figure><\/blockquote><\/div><\/div><blockquote><p>Mi nombre es Jos\u00e9 Ja\u00e9n, soy ingeniero en desarrollo de software. En el proyecto de la primera estaci\u00f3n de monitoreo de contaminaci\u00f3n lum\u00ednica en la cuenca hidrogr\u00e1fica del canal de Panam\u00e1, desarrollo controladores cient\u00edficos en multiplataformas operativas y sistemas de comunicaciones de instrumentaci\u00f3n fotom\u00e9trica y espectrom\u00e9trica. Adicionalmente, colaboro en las impresiones 3D para la adecuaci\u00f3n de sensores sensibles a la luz a latitudes tropicales.<\/p><figure id=\"attachment_9592\" aria-describedby=\"caption-attachment-9592\" style=\"width: 150px\" class=\"wp-caption aligncenter\"><a href=\"https:\/\/indicatic.org.pa\/1758410237487\/\" rel=\"attachment wp-att-9592\"><img loading=\"lazy\" decoding=\"async\" class=\"wp-image-9592 size-thumbnail\" src=\"https:\/\/indicatic.org.pa\/wp-content\/uploads\/2025\/11\/1758410237487-150x150.jpeg\" alt=\"\" width=\"150\" height=\"150\" srcset=\"https:\/\/indicatic.org.pa\/wp-content\/uploads\/2025\/11\/1758410237487-150x150.jpeg 150w, https:\/\/indicatic.org.pa\/wp-content\/uploads\/2025\/11\/1758410237487-600x600.jpeg 600w, https:\/\/indicatic.org.pa\/wp-content\/uploads\/2025\/11\/1758410237487-768x768.jpeg 768w, https:\/\/indicatic.org.pa\/wp-content\/uploads\/2025\/11\/1758410237487-12x12.jpeg 12w, https:\/\/indicatic.org.pa\/wp-content\/uploads\/2025\/11\/1758410237487-700x700.jpeg 700w, https:\/\/indicatic.org.pa\/wp-content\/uploads\/2025\/11\/1758410237487-100x100.jpeg 100w, https:\/\/indicatic.org.pa\/wp-content\/uploads\/2025\/11\/1758410237487.jpeg 800w\" sizes=\"(max-width: 150px) 100vw, 150px\" \/><\/a><figcaption id=\"caption-attachment-9592\" class=\"wp-caption-text\">Jos\u00e9 Ja\u00e9n, Desarrollar de Software en INDICATIC AIP<\/figcaption><\/figure><\/blockquote><\/div><p><span style=\"color: #ffffff\">@TropicalALAN_Lab_PTY #environment #tropical #alan<\/span><\/p><p><span style=\"color: #ffffff\">https:\/\/github.com\/INDICATIC-AIP<\/span><\/p><\/div>                    <\/div>\n\t\t        \n                    <div id=\"publicaciones-tab\" class=\"clearfix eael-tab-content-item inactive\" data-title-link=\"publicaciones-tab\">\n\t\t\t\t        <div class=\"--bj-723 \"><div class=\"-Cw-754 \"><div class=\"-NG-549 \" style=\"text-align: justify\"><h4>Publicaciones en Revistas Cient\u00edficas<\/h4><p><strong><a href=\"https:\/\/scholar.google.com\/citations?user=gMVzlIUAAAAJ&amp;hl=en\" target=\"_blank\" rel=\"noopener\">Ver Google Scholar de Jos\u00e9 Robles Rodr\u00edguez aqu\u00ed<\/a><\/strong><\/p><p>\u00a0<\/p><\/div><p>Robles, J., Zamorano, J., &amp; Pascual, S. (2026). <strong>Multi-band zenith amplification factor of Madrid night sky brightness under overcast conditions.<\/strong> <i>Journal of Quantitative Spectroscopy and Radiative Transfer, 355<\/i>, Article 109886.<br \/><strong><a href=\"https:\/\/doi.org\/10.1016\/j.jqsrt.2026.109886\" target=\"_blank\" rel=\"noopener\">Ver aqu\u00ed<\/a><\/strong><\/p><\/div><div>\u00a0<\/div><p>Robles Rodr\u00edguez, J. L. (2022). <b>The Evolution of light pollution using measurements of night sky brightness and color in Madrid<\/b> [Tesis doctoral, Universidad Complutense de Madrid]. Docta.<br \/><strong><a class=\"ng-star-inserted\" href=\"https:\/\/docta.ucm.es\/entities\/publication\/a0173d31-2f92-406f-8625-bce52621b7f7\" target=\"_blank\" rel=\"noopener\">Ver aqu\u00ed<\/a><\/strong><\/p><\/div><div>\u00a0<\/div><div>International Dark-Sky Association Pittsburgh Chapter. (2021). <b>Blue skies over Madrid, but not during the day<\/b>.\u00a0<\/div><div><strong> <a class=\"ng-star-inserted\" href=\"https:\/\/www.idapgh.org\/blue-skies-over-madrid\" target=\"_blank\" rel=\"noopener\">Ver aqu\u00ed<\/a><\/strong><\/div><div>\u00a0<\/div><div class=\"--bj-723 \"><div class=\"-Cw-754 \"><div class=\"-NG-549 \" style=\"text-align: justify\"><p>Robles, J., Zamorano, J., Pascual, S., S\u00e1nchez de Miguel, A., Gallego, J., &amp; Gaston, K. J. (2021). <b>Evolution of Brightness and Color of the Night Sky in Madrid<\/b>. <i>Remote Sensing<\/i>, <i>13<\/i>(8), 1511.<br \/><strong style=\"font-size: 1rem\"><a id=\"OWA1d684619-0fd2-2a73-4959-2fd86e5d3922\" title=\"https:\/\/www.mdpi.com\/2072-4292\/13\/8\/1511\" href=\"https:\/\/www.mdpi.com\/2072-4292\/13\/8\/1511\" target=\"_blank\" rel=\"noopener noreferrer\">Ver aqu\u00ed<\/a><\/strong><\/p><\/div><\/div><\/div><h4>\u00a0<\/h4><h4>Trabajos tutelados<\/h4><p><strong>T\u00edtulo:<\/strong> Interop\u00e9rabilit\u00e9, cryptographie et<br \/>t\u00e9l\u00e9communication de la premi\u00e8re station de<br \/>surveillance de la pollution lumineuse au panama<\/p><p><strong>Autor:<\/strong> Alexandre Olivi\u00e9<\/p><p><strong>Universidad:<\/strong> \u00c9cole Nationale Sup\u00e9rieure d&#8217;\u00c9lectronique, Informatique, T\u00e9l\u00e9communications, Math\u00e9matique et M\u00e9canique de Bordeaux<\/p><p>ENSEIRB-MATMECA\u00a0de Bordeaux INP (Institut National Polytechnique Bordeaux).<\/p><p><strong>Centro de estudios:<\/strong> Telecommunication &#8211; option r\u00e9seaux, s\u00e9curit\u00e9 et objet connect\u00e9<\/p><p><a href=\"https:\/\/indicatic.org.pa\/wp-content\/uploads\/2026\/02\/PFE_Rapport-1-Omision-13-02-2026.pdf\" target=\"_blank\" rel=\"attachment noopener wp-att-9650\">Descargar Tesis aqu\u00ed<\/a><\/p><p><strong>T\u00edtulo:<\/strong> Automatizaci\u00f3n para la Descarga de Im\u00e1genes Satelitales Nocturnas para el Monitoreo de la Contaminaci\u00f3n Lum\u00ednica en la Cuenca del Canal de Panam\u00e1.<\/p><p><strong>Autor:<\/strong> Jos\u00e9 De Los Santos Ja\u00e9n Ja\u00e9n.<\/p><p><strong>Centro de estudios:<\/strong> Universidad Tecnol\u00f3gica de Panam\u00e1 (UTP)<\/p><p><strong>Carrera: <\/strong>Licenciatura en Desarrollo de Software<\/p><p><a href=\"https:\/\/indicatic.org.pa\/tesis-2-1\/\" rel=\"attachment wp-att-9651\">Descargar Tesis aqu\u00ed<\/a><\/p><div class=\"--bj-723 \"><p><span style=\"color: #ffffff\">@TropicalALAN_Lab_PTY #environment #tropical #alan<\/span><\/p><p><span style=\"color: #ffffff\">https:\/\/github.com\/INDICATIC-AIP<\/span><\/p><\/div>                    <\/div>\n\t\t        \n                    <div id=\"duracin-tab\" class=\"clearfix eael-tab-content-item inactive\" data-title-link=\"duracin-tab\">\n\t\t\t\t        <p><strong>Inicio:<\/strong> 2024-11-04<\/p><p><strong>Finalizaci\u00f3n:<\/strong>\u00a02040-11-30<\/p>                    <\/div>\n\t\t        \n                    <div id=\"financiamiento-tab\" class=\"clearfix eael-tab-content-item inactive\" data-title-link=\"financiamiento-tab\">\n\t\t\t\t        <p><strong>INDICATIC &#8211; SENACYT:<\/strong> FID2024-074<\/p>                    <\/div>\n\t\t        \n                    <div id=\"conferencias-tab\" class=\"clearfix eael-tab-content-item inactive\" data-title-link=\"conferencias-tab\">\n\t\t\t\t        <figure id=\"attachment_9838\" aria-describedby=\"caption-attachment-9838\" style=\"width: 1024px\" class=\"wp-caption aligncenter\"><a href=\"https:\/\/indicatic.org.pa\/whatsapp-image-2026-02-13-at-10-32-38-am-1\/\" rel=\"attachment wp-att-9838\"><img loading=\"lazy\" decoding=\"async\" class=\"wp-image-9838 size-large\" title=\"Light Pollution - Talk - Robles\" src=\"https:\/\/indicatic.org.pa\/wp-content\/uploads\/2026\/02\/WhatsApp-Image-2026-02-13-at-10.32.38-AM-1-1024x647.jpeg\" alt=\"Light Pollution - Talk - Robles\" width=\"1024\" height=\"647\" srcset=\"https:\/\/indicatic.org.pa\/wp-content\/uploads\/2026\/02\/WhatsApp-Image-2026-02-13-at-10.32.38-AM-1-1024x647.jpeg 1024w, https:\/\/indicatic.org.pa\/wp-content\/uploads\/2026\/02\/WhatsApp-Image-2026-02-13-at-10.32.38-AM-1-600x379.jpeg 600w, https:\/\/indicatic.org.pa\/wp-content\/uploads\/2026\/02\/WhatsApp-Image-2026-02-13-at-10.32.38-AM-1-768x485.jpeg 768w, https:\/\/indicatic.org.pa\/wp-content\/uploads\/2026\/02\/WhatsApp-Image-2026-02-13-at-10.32.38-AM-1-18x12.jpeg 18w, https:\/\/indicatic.org.pa\/wp-content\/uploads\/2026\/02\/WhatsApp-Image-2026-02-13-at-10.32.38-AM-1-700x442.jpeg 700w, https:\/\/indicatic.org.pa\/wp-content\/uploads\/2026\/02\/WhatsApp-Image-2026-02-13-at-10.32.38-AM-1.jpeg 1280w\" sizes=\"(max-width: 1024px) 100vw, 1024px\" \/><\/a><figcaption id=\"caption-attachment-9838\" class=\"wp-caption-text\">2025-02-11<\/figcaption><\/figure>                    <\/div>\n\t\t        \n                    <div id=\"campaas-pblicas-tab\" class=\"clearfix eael-tab-content-item inactive\" data-title-link=\"campaas-pblicas-tab\">\n\t\t\t\t        <p>Entrevistas en medios de comunicaci\u00f3n nacionales:<\/p><ul><li style=\"list-style-type: none\"><ul><li>Telemetro 2026-02-06<\/li><\/ul><\/li><\/ul><p><iframe title=\"YouTube video player\" src=\"https:\/\/www.youtube.com\/embed\/ZsKlv9-4_Zc?si=ct0lg8MtCmpVZSmc\" width=\"560\" height=\"315\" allowfullscreen=\"allowfullscreen\"><\/iframe><\/p><p><a href=\"https:\/\/indicatic.org.pa\/telemetro-robles\/\" rel=\"attachment wp-att-9833\"><img loading=\"lazy\" decoding=\"async\" class=\"aligncenter wp-image-9833 size-medium\" title=\"telemetro robles\" src=\"https:\/\/indicatic.org.pa\/wp-content\/uploads\/2026\/02\/telemetro-robles-480x600.jpeg\" alt=\"Contaminaci\u00f3n lum\u00ednica telemetro\" width=\"480\" height=\"600\" srcset=\"https:\/\/indicatic.org.pa\/wp-content\/uploads\/2026\/02\/telemetro-robles-480x600.jpeg 480w, https:\/\/indicatic.org.pa\/wp-content\/uploads\/2026\/02\/telemetro-robles-819x1024.jpeg 819w, https:\/\/indicatic.org.pa\/wp-content\/uploads\/2026\/02\/telemetro-robles-768x960.jpeg 768w, https:\/\/indicatic.org.pa\/wp-content\/uploads\/2026\/02\/telemetro-robles-10x12.jpeg 10w, https:\/\/indicatic.org.pa\/wp-content\/uploads\/2026\/02\/telemetro-robles-700x875.jpeg 700w, https:\/\/indicatic.org.pa\/wp-content\/uploads\/2026\/02\/telemetro-robles.jpeg 1024w\" sizes=\"(max-width: 480px) 100vw, 480px\" \/><\/a><\/p><ul><li style=\"list-style-type: none\"><ul><li style=\"list-style-type: none\"><ul><li>TVN Radio 2025-11-26<\/li><\/ul><\/li><\/ul><\/li><\/ul><p><a href=\"https:\/\/indicatic.org.pa\/cyber-break-26-de-noviembre\/\" rel=\"attachment wp-att-9834\"><img loading=\"lazy\" decoding=\"async\" class=\"aligncenter wp-image-9834 size-medium\" title=\"Contaminaci\u00f3n Lum\u00ednica TVN - Cyber Break (26 de noviembre)\" src=\"https:\/\/indicatic.org.pa\/wp-content\/uploads\/2026\/02\/Cyber-Break-26-de-noviembre-480x600.jpg\" alt=\"Contaminaci\u00f3n Lum\u00ednica TVN - Cyber Break (26 de noviembre)\" width=\"480\" height=\"600\" srcset=\"https:\/\/indicatic.org.pa\/wp-content\/uploads\/2026\/02\/Cyber-Break-26-de-noviembre-480x600.jpg 480w, https:\/\/indicatic.org.pa\/wp-content\/uploads\/2026\/02\/Cyber-Break-26-de-noviembre-819x1024.jpg 819w, https:\/\/indicatic.org.pa\/wp-content\/uploads\/2026\/02\/Cyber-Break-26-de-noviembre-768x960.jpg 768w, https:\/\/indicatic.org.pa\/wp-content\/uploads\/2026\/02\/Cyber-Break-26-de-noviembre-1229x1536.jpg 1229w, https:\/\/indicatic.org.pa\/wp-content\/uploads\/2026\/02\/Cyber-Break-26-de-noviembre-1639x2048.jpg 1639w, https:\/\/indicatic.org.pa\/wp-content\/uploads\/2026\/02\/Cyber-Break-26-de-noviembre-10x12.jpg 10w, https:\/\/indicatic.org.pa\/wp-content\/uploads\/2026\/02\/Cyber-Break-26-de-noviembre-700x875.jpg 700w, https:\/\/indicatic.org.pa\/wp-content\/uploads\/2026\/02\/Cyber-Break-26-de-noviembre-scaled.jpg 2048w\" sizes=\"(max-width: 480px) 100vw, 480px\" \/><\/a><\/p>                    <\/div>\n\t\t        \n                    <div id=\"polticas-pblicas-tab\" class=\"clearfix eael-tab-content-item inactive\" data-title-link=\"polticas-pblicas-tab\">\n\t\t\t\t        <p>Pol\u00edticas de iluminaci\u00f3n nocturna en Panam\u00e1<\/p>                    <\/div>\n\t\t        \n                    <div id=\"instrumentacin-tab\" class=\"clearfix eael-tab-content-item inactive\" data-title-link=\"instrumentacin-tab\">\n\t\t\t\t        <p>En construcci\u00f3n<\/p>                    <\/div>\n\t\t        \n                    <div id=\"impresiones-3d-y-pcb-tab\" class=\"clearfix eael-tab-content-item inactive\" data-title-link=\"impresiones-3d-y-pcb-tab\">\n\t\t\t\t        <p>En construcci\u00f3n<\/p>                    <\/div>\n\t\t        \n                    <div id=\"github-tab\" class=\"clearfix eael-tab-content-item active-default\" data-title-link=\"github-tab\">\n\t\t\t\t        <p><strong>Ground-based stations<\/strong><\/p><p><a href=\"https:\/\/github.com\/INDICATIC-AIP\/Ground-based\">https:\/\/github.com\/INDICATIC-AIP\/Ground-based<\/a><\/p><p><strong>Remote sensing software technologies<\/strong><\/p><p><a href=\"https:\/\/github.com\/INDICATIC-AIP\/Remote-sensing\">https:\/\/github.com\/INDICATIC-AIP\/Remote-sensing<\/a><\/p><p><strong>Electronic control systems<\/strong><\/p><p><a href=\"https:\/\/github.com\/INDICATIC-AIP\/electronic-control-system\">https:\/\/github.com\/INDICATIC-AIP\/electronic-control-system<\/a><\/p><p><strong>Images calibrations<\/strong><\/p><p><a href=\"https:\/\/github.com\/INDICATIC-AIP\/instrument_calibration\">https:\/\/github.com\/INDICATIC-AIP\/instrument_calibration<\/a><\/p>                    <\/div>\n\t\t        \n                    <div id=\"equipo-tab\" class=\"clearfix eael-tab-content-item inactive\" data-title-link=\"equipo-tab\">\n\t\t\t\t        <ul><li>Jos\u00e9 Robles (PI), Investigador principal, <strong>INDICATIC<\/strong><\/li><li>Rachel Page (STRI), <strong class=\"Yjhzub\">Smithsonian Tropical Research Institute<\/strong><\/li><li>Jaime Zamorano (UCM), <strong>Universidad Complutense de Madrid<\/strong><\/li><li>Alfredo Campos (UTP), <strong>Universidad Tecnol\u00f3gica de Panam\u00e1<\/strong><\/li><li>Reinhardt Pinz\u00f3n (UTP), <strong>Universidad Tecnol\u00f3gica de Panam\u00e1<\/strong><\/li><li>Agust\u00edn Guerra, <strong>INDICATIC<\/strong><\/li><\/ul>                    <\/div>\n\t\t        \n                    <div id=\"contacto-tab\" class=\"clearfix eael-tab-content-item inactive\" data-title-link=\"contacto-tab\">\n\t\t\t\t        <p><a href=\"https:\/\/indicatic.org.pa\/foto\/\" rel=\"attachment wp-att-8530\"><img loading=\"lazy\" decoding=\"async\" class=\"aligncenter wp-image-8530\" title=\"Primera estaci\u00f3n de monitoreo para la contaminaci\u00f3n lum\u00ednica en Panam\u00e1\" src=\"https:\/\/indicatic.org.pa\/wp-content\/uploads\/2025\/02\/Foto-150x150.jpg\" alt=\"Primera estaci\u00f3n de monitoreo para la contaminaci\u00f3n lum\u00ednica en Panam\u00e1\" width=\"150\" height=\"150\" srcset=\"https:\/\/indicatic.org.pa\/wp-content\/uploads\/2025\/02\/Foto-150x150.jpg 150w, https:\/\/indicatic.org.pa\/wp-content\/uploads\/2025\/02\/Foto-100x100.jpg 100w, https:\/\/indicatic.org.pa\/wp-content\/uploads\/2025\/02\/Foto-300x300.jpg 300w, https:\/\/indicatic.org.pa\/wp-content\/uploads\/2025\/02\/Foto-400x400.jpg 400w, https:\/\/indicatic.org.pa\/wp-content\/uploads\/2025\/02\/Foto-600x600.jpg 600w\" sizes=\"(max-width: 150px) 100vw, 150px\" \/><\/a><\/p><p style=\"text-align: center\"><strong>Jos\u00e9 Leonardo Robles Rodr\u00edguez, PhD<br \/><\/strong>INDICATIC AIP<br \/><a href=\"mailto:aguerra@indicatic.org.pa\">\u00a0jrobles@indicatic.org.pa<\/a><\/p><p style=\"text-align: center\"><a href=\"mailto:josrob01@ucm.es\">josrob01@ucm.es<\/a><\/p><p style=\"text-align: center\"><a href=\"https:\/\/indicatic.org.pa\/cv_academic_jr_english-5-1\/\" rel=\"attachment wp-att-9645\">Curriculum Vitae English<\/a><\/p><p style=\"text-align: center\"><a href=\"https:\/\/indicatic.org.pa\/cv_academic_jr_espan%cc%83ol-1\/\" rel=\"attachment wp-att-9646\">Curriculum Vitae Spanish<\/a><\/p>                    <\/div>\n\t\t                    <\/div>\n        <\/div>\n\t\t\t\t<\/div>\n\t\t\t\t<\/div>\n\t\t<div class=\"elementor-element elementor-element-3270f33 e-con-full e-flex e-con e-parent\" data-id=\"3270f33\" data-element_type=\"container\" data-e-type=\"container\">\n\t\t\t\t<div class=\"elementor-element elementor-element-dcb9284 elementor-widget elementor-widget-html\" data-id=\"dcb9284\" data-element_type=\"widget\" data-e-type=\"widget\" data-widget_type=\"html.default\">\n\t\t\t\t\t<style>\n#equipo-tab p {\n    display: flex;\n}\n<\/style>\t\t\t\t<\/div>\n\t\t\t\t<\/div>\n\t\t\t\t<\/div>\n\t\t","protected":false},"author":3,"featured_media":9624,"template":"","categoria_proyecto":[116],"class_list":["post-9533","proyecto","type-proyecto","status-publish","has-post-thumbnail","hentry","categoria_proyecto-investigacion"],"acf":[],"yoast_head":"<!-- This site is optimized with the Yoast SEO plugin v27.5 - https:\/\/yoast.com\/product\/yoast-seo-wordpress\/ -->\n<title>Primera estaci\u00f3n de contaminaci\u00f3n lum\u00ednica en Panam\u00e1 - INDICATIC AIP<\/title>\n<meta name=\"description\" content=\"Contaminaci\u00f3n lum\u00ednica a trav\u00e9s de la cuenca hidrogr\u00e1fica del Canal de Panam\u00e1. @TropicalALAN_Lab_PTY #environment #tropical #alan\" \/>\n<meta name=\"robots\" content=\"index, follow, max-snippet:-1, max-image-preview:large, max-video-preview:-1\" \/>\n<link rel=\"canonical\" href=\"https:\/\/indicatic.org.pa\/fr\/projet\/premiere-station-de-mesure-de-la-pollution-lumineuse-au-panama\/\" \/>\n<meta property=\"og:locale\" content=\"fr_FR\" \/>\n<meta property=\"og:type\" content=\"article\" \/>\n<meta property=\"og:title\" content=\"Primera estaci\u00f3n de contaminaci\u00f3n lum\u00ednica en Panam\u00e1 - INDICATIC AIP\" \/>\n<meta property=\"og:description\" content=\"Contaminaci\u00f3n lum\u00ednica a trav\u00e9s de la cuenca hidrogr\u00e1fica del Canal de Panam\u00e1. @TropicalALAN_Lab_PTY #environment #tropical #alan\" \/>\n<meta property=\"og:url\" content=\"https:\/\/indicatic.org.pa\/fr\/projet\/premiere-station-de-mesure-de-la-pollution-lumineuse-au-panama\/\" \/>\n<meta property=\"og:site_name\" content=\"INDICATIC AIP\" \/>\n<meta property=\"article:publisher\" content=\"https:\/\/www.facebook.com\/indicaticaip\" \/>\n<meta property=\"article:modified_time\" content=\"2026-03-09T23:28:30+00:00\" \/>\n<meta property=\"og:image\" content=\"https:\/\/indicatic.org.pa\/wp-content\/uploads\/2025\/11\/wordpress-contaminacion-1.png\" \/>\n\t<meta property=\"og:image:width\" content=\"1200\" \/>\n\t<meta property=\"og:image:height\" content=\"1200\" \/>\n\t<meta property=\"og:image:type\" content=\"image\/png\" \/>\n<meta name=\"twitter:card\" content=\"summary_large_image\" \/>\n<meta name=\"twitter:site\" content=\"@indicaticaip\" \/>\n<meta name=\"twitter:label1\" content=\"Dur\u00e9e de lecture estim\u00e9e\" \/>\n\t<meta name=\"twitter:data1\" content=\"6 minutes\" \/>\n<script type=\"application\/ld+json\" class=\"yoast-schema-graph\">{\"@context\":\"https:\\\/\\\/schema.org\",\"@graph\":[{\"@type\":\"WebPage\",\"@id\":\"https:\\\/\\\/indicatic.org.pa\\\/proyecto\\\/primera-estacion-de-contaminacion-luminica-en-panama\\\/\",\"url\":\"https:\\\/\\\/indicatic.org.pa\\\/proyecto\\\/primera-estacion-de-contaminacion-luminica-en-panama\\\/\",\"name\":\"Primera estaci\u00f3n de contaminaci\u00f3n lum\u00ednica en Panam\u00e1 - INDICATIC AIP\",\"isPartOf\":{\"@id\":\"https:\\\/\\\/indicatic.org.pa\\\/#website\"},\"primaryImageOfPage\":{\"@id\":\"https:\\\/\\\/indicatic.org.pa\\\/proyecto\\\/primera-estacion-de-contaminacion-luminica-en-panama\\\/#primaryimage\"},\"image\":{\"@id\":\"https:\\\/\\\/indicatic.org.pa\\\/proyecto\\\/primera-estacion-de-contaminacion-luminica-en-panama\\\/#primaryimage\"},\"thumbnailUrl\":\"https:\\\/\\\/indicatic.org.pa\\\/wp-content\\\/uploads\\\/2025\\\/11\\\/wordpress-contaminacion-1.png\",\"datePublished\":\"2025-11-17T19:13:13+00:00\",\"dateModified\":\"2026-03-09T23:28:30+00:00\",\"description\":\"Contaminaci\u00f3n lum\u00ednica a trav\u00e9s de la cuenca hidrogr\u00e1fica del Canal de Panam\u00e1. @TropicalALAN_Lab_PTY #environment #tropical #alan\",\"breadcrumb\":{\"@id\":\"https:\\\/\\\/indicatic.org.pa\\\/proyecto\\\/primera-estacion-de-contaminacion-luminica-en-panama\\\/#breadcrumb\"},\"inLanguage\":\"fr-FR\",\"potentialAction\":[{\"@type\":\"ReadAction\",\"target\":[\"https:\\\/\\\/indicatic.org.pa\\\/proyecto\\\/primera-estacion-de-contaminacion-luminica-en-panama\\\/\"]}]},{\"@type\":\"ImageObject\",\"inLanguage\":\"fr-FR\",\"@id\":\"https:\\\/\\\/indicatic.org.pa\\\/proyecto\\\/primera-estacion-de-contaminacion-luminica-en-panama\\\/#primaryimage\",\"url\":\"https:\\\/\\\/indicatic.org.pa\\\/wp-content\\\/uploads\\\/2025\\\/11\\\/wordpress-contaminacion-1.png\",\"contentUrl\":\"https:\\\/\\\/indicatic.org.pa\\\/wp-content\\\/uploads\\\/2025\\\/11\\\/wordpress-contaminacion-1.png\",\"width\":1200,\"height\":1200,\"caption\":\"Contaminaci\u00f3n lum\u00ednica a trav\u00e9s de la cuenca hidrogr\u00e1fica del canal de Panam\u00e1. @TropicalALAN_Lab_PTY #environment #tropical #alan\"},{\"@type\":\"BreadcrumbList\",\"@id\":\"https:\\\/\\\/indicatic.org.pa\\\/proyecto\\\/primera-estacion-de-contaminacion-luminica-en-panama\\\/#breadcrumb\",\"itemListElement\":[{\"@type\":\"ListItem\",\"position\":1,\"name\":\"Portada\",\"item\":\"https:\\\/\\\/indicatic.org.pa\\\/\"},{\"@type\":\"ListItem\",\"position\":2,\"name\":\"Primera estaci\u00f3n de contaminaci\u00f3n lum\u00ednica en Panam\u00e1\"}]},{\"@type\":\"WebSite\",\"@id\":\"https:\\\/\\\/indicatic.org.pa\\\/#website\",\"url\":\"https:\\\/\\\/indicatic.org.pa\\\/\",\"name\":\"INDICATIC AIP\",\"description\":\"Instituto Nacional de Investigaciones Cient\u00edficas Avanzadas en Tecnolog\u00edas de Informaci\u00f3n y Comunicaci\u00f3n\",\"publisher\":{\"@id\":\"https:\\\/\\\/indicatic.org.pa\\\/#organization\"},\"potentialAction\":[{\"@type\":\"SearchAction\",\"target\":{\"@type\":\"EntryPoint\",\"urlTemplate\":\"https:\\\/\\\/indicatic.org.pa\\\/?s={search_term_string}\"},\"query-input\":{\"@type\":\"PropertyValueSpecification\",\"valueRequired\":true,\"valueName\":\"search_term_string\"}}],\"inLanguage\":\"fr-FR\"},{\"@type\":\"Organization\",\"@id\":\"https:\\\/\\\/indicatic.org.pa\\\/#organization\",\"name\":\"INDICATIC AIP\",\"url\":\"https:\\\/\\\/indicatic.org.pa\\\/\",\"logo\":{\"@type\":\"ImageObject\",\"inLanguage\":\"fr-FR\",\"@id\":\"https:\\\/\\\/indicatic.org.pa\\\/#\\\/schema\\\/logo\\\/image\\\/\",\"url\":\"https:\\\/\\\/indicatic.org.pa\\\/wp-content\\\/uploads\\\/2023\\\/11\\\/LOGO-INDICATIC-AIP.png\",\"contentUrl\":\"https:\\\/\\\/indicatic.org.pa\\\/wp-content\\\/uploads\\\/2023\\\/11\\\/LOGO-INDICATIC-AIP.png\",\"width\":1600,\"height\":427,\"caption\":\"INDICATIC AIP\"},\"image\":{\"@id\":\"https:\\\/\\\/indicatic.org.pa\\\/#\\\/schema\\\/logo\\\/image\\\/\"},\"sameAs\":[\"https:\\\/\\\/www.facebook.com\\\/indicaticaip\",\"https:\\\/\\\/x.com\\\/indicaticaip\"]}]}<\/script>\n<!-- \/ Yoast SEO plugin. -->","yoast_head_json":{"title":"Premi\u00e8re station de mesure de la pollution lumineuse au Panama - INDICATIC AIP","description":"Pollution lumineuse dans le bassin versant du canal de Panama. @TropicalALAN_Lab_PTY #environnement #ropical #alan","robots":{"index":"index","follow":"follow","max-snippet":"max-snippet:-1","max-image-preview":"max-image-preview:large","max-video-preview":"max-video-preview:-1"},"canonical":"https:\/\/indicatic.org.pa\/fr\/projet\/premiere-station-de-mesure-de-la-pollution-lumineuse-au-panama\/","og_locale":"fr_FR","og_type":"article","og_title":"Primera estaci\u00f3n de contaminaci\u00f3n lum\u00ednica en Panam\u00e1 - INDICATIC AIP","og_description":"Contaminaci\u00f3n lum\u00ednica a trav\u00e9s de la cuenca hidrogr\u00e1fica del Canal de Panam\u00e1. @TropicalALAN_Lab_PTY #environment #tropical #alan","og_url":"https:\/\/indicatic.org.pa\/fr\/projet\/premiere-station-de-mesure-de-la-pollution-lumineuse-au-panama\/","og_site_name":"INDICATIC AIP","article_publisher":"https:\/\/www.facebook.com\/indicaticaip","article_modified_time":"2026-03-09T23:28:30+00:00","og_image":[{"width":1200,"height":1200,"url":"https:\/\/indicatic.org.pa\/wp-content\/uploads\/2025\/11\/wordpress-contaminacion-1.png","type":"image\/png"}],"twitter_card":"summary_large_image","twitter_site":"@indicaticaip","twitter_misc":{"Dur\u00e9e de lecture estim\u00e9e":"6 minutes"},"schema":{"@context":"https:\/\/schema.org","@graph":[{"@type":"WebPage","@id":"https:\/\/indicatic.org.pa\/proyecto\/primera-estacion-de-contaminacion-luminica-en-panama\/","url":"https:\/\/indicatic.org.pa\/proyecto\/primera-estacion-de-contaminacion-luminica-en-panama\/","name":"Premi\u00e8re station de mesure de la pollution lumineuse au Panama - INDICATIC AIP","isPartOf":{"@id":"https:\/\/indicatic.org.pa\/#website"},"primaryImageOfPage":{"@id":"https:\/\/indicatic.org.pa\/proyecto\/primera-estacion-de-contaminacion-luminica-en-panama\/#primaryimage"},"image":{"@id":"https:\/\/indicatic.org.pa\/proyecto\/primera-estacion-de-contaminacion-luminica-en-panama\/#primaryimage"},"thumbnailUrl":"https:\/\/indicatic.org.pa\/wp-content\/uploads\/2025\/11\/wordpress-contaminacion-1.png","datePublished":"2025-11-17T19:13:13+00:00","dateModified":"2026-03-09T23:28:30+00:00","description":"Pollution lumineuse dans le bassin versant du canal de Panama. @TropicalALAN_Lab_PTY #environnement #ropical #alan","breadcrumb":{"@id":"https:\/\/indicatic.org.pa\/proyecto\/primera-estacion-de-contaminacion-luminica-en-panama\/#breadcrumb"},"inLanguage":"fr-FR","potentialAction":[{"@type":"ReadAction","target":["https:\/\/indicatic.org.pa\/proyecto\/primera-estacion-de-contaminacion-luminica-en-panama\/"]}]},{"@type":"ImageObject","inLanguage":"fr-FR","@id":"https:\/\/indicatic.org.pa\/proyecto\/primera-estacion-de-contaminacion-luminica-en-panama\/#primaryimage","url":"https:\/\/indicatic.org.pa\/wp-content\/uploads\/2025\/11\/wordpress-contaminacion-1.png","contentUrl":"https:\/\/indicatic.org.pa\/wp-content\/uploads\/2025\/11\/wordpress-contaminacion-1.png","width":1200,"height":1200,"caption":"Contaminaci\u00f3n lum\u00ednica a trav\u00e9s de la cuenca hidrogr\u00e1fica del canal de Panam\u00e1. @TropicalALAN_Lab_PTY #environment #tropical #alan"},{"@type":"BreadcrumbList","@id":"https:\/\/indicatic.org.pa\/proyecto\/primera-estacion-de-contaminacion-luminica-en-panama\/#breadcrumb","itemListElement":[{"@type":"ListItem","position":1,"name":"Portada","item":"https:\/\/indicatic.org.pa\/"},{"@type":"ListItem","position":2,"name":"Primera estaci\u00f3n de contaminaci\u00f3n lum\u00ednica en Panam\u00e1"}]},{"@type":"WebSite","@id":"https:\/\/indicatic.org.pa\/#website","url":"https:\/\/indicatic.org.pa\/","name":"INDICATIQUE AIP","description":"Institut national de recherche scientifique avanc\u00e9e sur les technologies de l'information et de la communication (NARICIC)","publisher":{"@id":"https:\/\/indicatic.org.pa\/#organization"},"potentialAction":[{"@type":"SearchAction","target":{"@type":"EntryPoint","urlTemplate":"https:\/\/indicatic.org.pa\/?s={search_term_string}"},"query-input":{"@type":"PropertyValueSpecification","valueRequired":true,"valueName":"search_term_string"}}],"inLanguage":"fr-FR"},{"@type":"Organization","@id":"https:\/\/indicatic.org.pa\/#organization","name":"INDICATIQUE AIP","url":"https:\/\/indicatic.org.pa\/","logo":{"@type":"ImageObject","inLanguage":"fr-FR","@id":"https:\/\/indicatic.org.pa\/#\/schema\/logo\/image\/","url":"https:\/\/indicatic.org.pa\/wp-content\/uploads\/2023\/11\/LOGO-INDICATIC-AIP.png","contentUrl":"https:\/\/indicatic.org.pa\/wp-content\/uploads\/2023\/11\/LOGO-INDICATIC-AIP.png","width":1600,"height":427,"caption":"INDICATIC AIP"},"image":{"@id":"https:\/\/indicatic.org.pa\/#\/schema\/logo\/image\/"},"sameAs":["https:\/\/www.facebook.com\/indicaticaip","https:\/\/x.com\/indicaticaip"]}]}},"_links":{"self":[{"href":"https:\/\/indicatic.org.pa\/fr\/wp-json\/wp\/v2\/proyecto\/9533","targetHints":{"allow":["GET"]}}],"collection":[{"href":"https:\/\/indicatic.org.pa\/fr\/wp-json\/wp\/v2\/proyecto"}],"about":[{"href":"https:\/\/indicatic.org.pa\/fr\/wp-json\/wp\/v2\/types\/proyecto"}],"author":[{"embeddable":true,"href":"https:\/\/indicatic.org.pa\/fr\/wp-json\/wp\/v2\/users\/3"}],"version-history":[{"count":5,"href":"https:\/\/indicatic.org.pa\/fr\/wp-json\/wp\/v2\/proyecto\/9533\/revisions"}],"predecessor-version":[{"id":9959,"href":"https:\/\/indicatic.org.pa\/fr\/wp-json\/wp\/v2\/proyecto\/9533\/revisions\/9959"}],"wp:featuredmedia":[{"embeddable":true,"href":"https:\/\/indicatic.org.pa\/fr\/wp-json\/wp\/v2\/media\/9624"}],"wp:attachment":[{"href":"https:\/\/indicatic.org.pa\/fr\/wp-json\/wp\/v2\/media?parent=9533"}],"wp:term":[{"taxonomy":"categoria_proyecto","embeddable":true,"href":"https:\/\/indicatic.org.pa\/fr\/wp-json\/wp\/v2\/categoria_proyecto?post=9533"}],"curies":[{"name":"wp","href":"https:\/\/api.w.org\/{rel}","templated":true}]}}